{"id":62683,"date":"2023-11-07T16:20:09","date_gmt":"2023-11-07T16:20:09","guid":{"rendered":"https:\/\/imx.org.mx\/?page_id=62683"},"modified":"2025-10-09T17:02:30","modified_gmt":"2025-10-09T17:02:30","slug":"transparancia","status":"publish","type":"page","link":"https:\/\/proyectodevida.org.mx\/en\/transparancia\/","title":{"rendered":"Transparancia"},"content":{"rendered":"<div data-elementor-type=\"wp-page\" data-elementor-id=\"62683\" class=\"elementor elementor-62683\">\n\t\t\t\t\t\t<section class=\"elementor-section elementor-top-section elementor-element elementor-element-72c1ce7 elementor-section-boxed elementor-section-height-default elementor-section-height-default\" data-id=\"72c1ce7\" data-element_type=\"section\">\n\t\t\t\t\t\t<div class=\"elementor-container elementor-column-gap-default\">\n\t\t\t\t\t<div class=\"elementor-column elementor-col-33 elementor-top-column elementor-element elementor-element-5cbf479\" data-id=\"5cbf479\" data-element_type=\"column\">\n\t\t\t<div class=\"elementor-widget-wrap elementor-element-populated\">\n\t\t\t\t\t\t<div class=\"elementor-element elementor-element-3d4c01c elementor-widget elementor-widget-heading\" data-id=\"3d4c01c\" data-element_type=\"widget\" data-widget_type=\"heading.default\">\n\t\t\t\t<div class=\"elementor-widget-container\">\n\t\t\t\t\t<h3 class=\"elementor-heading-title elementor-size-default\">Transparencia y resultados<\/h3>\t\t\t\t<\/div>\n\t\t\t\t<\/div>\n\t\t\t\t<div class=\"elementor-element elementor-element-fc0990e elementor-widget__width-initial elementor-widget elementor-widget-text-editor\" data-id=\"fc0990e\" data-element_type=\"widget\" data-widget_type=\"text-editor.default\">\n\t\t\t\t<div class=\"elementor-widget-container\">\n\t\t\t\t\t\t\t\t\t<p class=\"p1\">En Proyecto de Vida I.A.P., creemos en la importancia de rendir cuentas de manera clara, peri\u00f3dica y responsable. A trav\u00e9s de nuestros informes, compartimos los avances, retos y logros que han marcado nuestro trabajo con ni\u00f1as, ni\u00f1os y adolescentes. Esta secci\u00f3n refleja nuestro compromiso con la transparencia, la confianza de nuestros donantes y aliados, y la mejora continua de nuestras acciones.<\/p>\t\t\t\t\t\t\t\t<\/div>\n\t\t\t\t<\/div>\n\t\t\t\t\t<\/div>\n\t\t<\/div>\n\t\t\t\t<div class=\"elementor-column elementor-col-33 elementor-top-column elementor-element elementor-element-5857d9d\" data-id=\"5857d9d\" data-element_type=\"column\">\n\t\t\t<div class=\"elementor-widget-wrap\">\n\t\t\t\t\t\t\t<\/div>\n\t\t<\/div>\n\t\t\t\t<div class=\"elementor-column elementor-col-33 elementor-top-column elementor-element elementor-element-85eb3f8\" data-id=\"85eb3f8\" data-element_type=\"column\">\n\t\t\t<div class=\"elementor-widget-wrap elementor-element-populated\">\n\t\t\t\t\t\t<div class=\"elementor-element elementor-element-1d7678e elementor-widget__width-initial elementor-absolute rt-particle-moving-2 move-image-left-right elementor-widget elementor-widget-image\" data-id=\"1d7678e\" data-element_type=\"widget\" data-settings=\"{&quot;_position&quot;:&quot;absolute&quot;}\" data-widget_type=\"image.default\">\n\t\t\t\t<div class=\"elementor-widget-container\">\n\t\t\t\t\t\t\t\t\t\t\t\t\t\t\t<img fetchpriority=\"high\" decoding=\"async\" width=\"530\" height=\"537\" src=\"https:\/\/proyectodevida.org.mx\/wp-content\/uploads\/2024\/04\/PdV_figura-3.png\" class=\"attachment-full size-full wp-image-63687\" alt=\"\" srcset=\"https:\/\/proyectodevida.org.mx\/wp-content\/uploads\/2024\/04\/PdV_figura-3.png 530w, https:\/\/proyectodevida.org.mx\/wp-content\/uploads\/2024\/04\/PdV_figura-3-296x300.png 296w\" sizes=\"(max-width: 530px) 100vw, 530px\" \/>\t\t\t\t\t\t\t\t\t\t\t\t\t\t\t<\/div>\n\t\t\t\t<\/div>\n\t\t\t\t<div class=\"elementor-element elementor-element-8201cb7 elementor-widget__width-initial elementor-absolute rt-particle-moving-2 move-image-left-right elementor-widget elementor-widget-image\" data-id=\"8201cb7\" data-element_type=\"widget\" data-settings=\"{&quot;_position&quot;:&quot;absolute&quot;}\" data-widget_type=\"image.default\">\n\t\t\t\t<div class=\"elementor-widget-container\">\n\t\t\t\t\t\t\t\t\t\t\t\t\t\t\t<img fetchpriority=\"high\" decoding=\"async\" width=\"530\" height=\"537\" src=\"https:\/\/proyectodevida.org.mx\/wp-content\/uploads\/2024\/04\/PdV_figura-3.png\" class=\"attachment-full size-full wp-image-63687\" alt=\"\" srcset=\"https:\/\/proyectodevida.org.mx\/wp-content\/uploads\/2024\/04\/PdV_figura-3.png 530w, https:\/\/proyectodevida.org.mx\/wp-content\/uploads\/2024\/04\/PdV_figura-3-296x300.png 296w\" sizes=\"(max-width: 530px) 100vw, 530px\" \/>\t\t\t\t\t\t\t\t\t\t\t\t\t\t\t<\/div>\n\t\t\t\t<\/div>\n\t\t\t\t<div class=\"elementor-element elementor-element-d9c9fd8 elementor-widget__width-inherit elementor-widget elementor-widget-image\" data-id=\"d9c9fd8\" data-element_type=\"widget\" data-widget_type=\"image.default\">\n\t\t\t\t<div class=\"elementor-widget-container\">\n\t\t\t\t\t\t\t\t\t\t\t\t\t\t\t<img decoding=\"async\" width=\"1024\" height=\"682\" src=\"https:\/\/proyectodevida.org.mx\/wp-content\/uploads\/2025\/06\/INFORME_ANUAL-1024x682.png\" class=\"attachment-large size-large wp-image-64950\" alt=\"\" srcset=\"https:\/\/proyectodevida.org.mx\/wp-content\/uploads\/2025\/06\/INFORME_ANUAL-1024x682.png 1024w, https:\/\/proyectodevida.org.mx\/wp-content\/uploads\/2025\/06\/INFORME_ANUAL-300x200.png 300w, https:\/\/proyectodevida.org.mx\/wp-content\/uploads\/2025\/06\/INFORME_ANUAL-768x511.png 768w, https:\/\/proyectodevida.org.mx\/wp-content\/uploads\/2025\/06\/INFORME_ANUAL-1536x1023.png 1536w, https:\/\/proyectodevida.org.mx\/wp-content\/uploads\/2025\/06\/INFORME_ANUAL-2048x1364.png 2048w, https:\/\/proyectodevida.org.mx\/wp-content\/uploads\/2025\/06\/INFORME_ANUAL-18x12.png 18w\" sizes=\"(max-width: 1024px) 100vw, 1024px\" \/>\t\t\t\t\t\t\t\t\t\t\t\t\t\t\t<\/div>\n\t\t\t\t<\/div>\n\t\t\t\t\t<\/div>\n\t\t<\/div>\n\t\t\t\t\t<\/div>\n\t\t<\/section>\n\t\t\t\t<\/div>","protected":false},"excerpt":{"rendered":"<p>Transparencia y resultados En Proyecto de Vida I.A.P., creemos en la importancia de rendir cuentas de manera clara, peri\u00f3dica y responsable. A trav\u00e9s de nuestros informes, compartimos los avances, retos y logros que han marcado nuestro trabajo con ni\u00f1as, ni\u00f1os y adolescentes. Esta secci\u00f3n refleja nuestro compromiso con la transparencia, la confianza de nuestros donantes [&hellip;]<\/p>","protected":false},"author":990003,"featured_media":0,"parent":0,"menu_order":0,"comment_status":"closed","ping_status":"closed","template":"","meta":{"_acf_changed":false,"footnotes":""},"class_list":["post-62683","page","type-page","status-publish","hentry"],"acf":[],"yoast_head":"<!-- This site is optimized with the Yoast SEO plugin v24.7 - https:\/\/yoast.com\/wordpress\/plugins\/seo\/ -->\n<title>Transparancia - Proyecto de Vida<\/title>\n<meta name=\"robots\" content=\"index, follow, max-snippet:-1, max-image-preview:large, max-video-preview:-1\" \/>\n<link rel=\"canonical\" href=\"https:\/\/proyectodevida.org.mx\/en\/transparancia\/\" \/>\n<meta property=\"og:locale\" content=\"en_US\" \/>\n<meta property=\"og:type\" content=\"article\" \/>\n<meta property=\"og:title\" content=\"Transparancia - Proyecto de Vida\" \/>\n<meta property=\"og:description\" content=\"Transparencia y resultados En Proyecto de Vida I.A.P., creemos en la importancia de rendir cuentas de manera clara, peri\u00f3dica y responsable. A trav\u00e9s de nuestros informes, compartimos los avances, retos y logros que han marcado nuestro trabajo con ni\u00f1as, ni\u00f1os y adolescentes. Esta secci\u00f3n refleja nuestro compromiso con la transparencia, la confianza de nuestros donantes [&hellip;]\" \/>\n<meta property=\"og:url\" content=\"https:\/\/proyectodevida.org.mx\/en\/transparancia\/\" \/>\n<meta property=\"og:site_name\" content=\"Proyecto de Vida\" \/>\n<meta property=\"article:modified_time\" content=\"2025-10-09T17:02:30+00:00\" \/>\n<meta property=\"og:image\" content=\"https:\/\/proyectodevida.org.mx\/wp-content\/uploads\/2024\/04\/PdV_figura-3.png\" \/>\n<meta name=\"twitter:card\" content=\"summary_large_image\" \/>\n<meta name=\"twitter:label1\" content=\"Est. reading time\" \/>\n\t<meta name=\"twitter:data1\" content=\"1 minute\" \/>\n<script type=\"application\/ld+json\" class=\"yoast-schema-graph\">{\"@context\":\"https:\/\/schema.org\",\"@graph\":[{\"@type\":\"WebPage\",\"@id\":\"https:\/\/proyectodevida.org.mx\/transparancia\/\",\"url\":\"https:\/\/proyectodevida.org.mx\/transparancia\/\",\"name\":\"Transparancia - Proyecto de Vida\",\"isPartOf\":{\"@id\":\"https:\/\/proyectodevida.org.mx\/#website\"},\"primaryImageOfPage\":{\"@id\":\"https:\/\/proyectodevida.org.mx\/transparancia\/#primaryimage\"},\"image\":{\"@id\":\"https:\/\/proyectodevida.org.mx\/transparancia\/#primaryimage\"},\"thumbnailUrl\":\"https:\/\/proyectodevida.org.mx\/wp-content\/uploads\/2024\/04\/PdV_figura-3.png\",\"datePublished\":\"2023-11-07T16:20:09+00:00\",\"dateModified\":\"2025-10-09T17:02:30+00:00\",\"breadcrumb\":{\"@id\":\"https:\/\/proyectodevida.org.mx\/transparancia\/#breadcrumb\"},\"inLanguage\":\"en-US\",\"potentialAction\":[{\"@type\":\"ReadAction\",\"target\":[\"https:\/\/proyectodevida.org.mx\/transparancia\/\"]}]},{\"@type\":\"ImageObject\",\"inLanguage\":\"en-US\",\"@id\":\"https:\/\/proyectodevida.org.mx\/transparancia\/#primaryimage\",\"url\":\"https:\/\/proyectodevida.org.mx\/wp-content\/uploads\/2024\/04\/PdV_figura-3.png\",\"contentUrl\":\"https:\/\/proyectodevida.org.mx\/wp-content\/uploads\/2024\/04\/PdV_figura-3.png\"},{\"@type\":\"BreadcrumbList\",\"@id\":\"https:\/\/proyectodevida.org.mx\/transparancia\/#breadcrumb\",\"itemListElement\":[{\"@type\":\"ListItem\",\"position\":1,\"name\":\"Portada\",\"item\":\"https:\/\/proyectodevida.org.mx\/\"},{\"@type\":\"ListItem\",\"position\":2,\"name\":\"Transparancia\"}]},{\"@type\":\"WebSite\",\"@id\":\"https:\/\/proyectodevida.org.mx\/#website\",\"url\":\"https:\/\/proyectodevida.org.mx\/\",\"name\":\"Proyecto de Vida\",\"description\":\"\",\"publisher\":{\"@id\":\"https:\/\/proyectodevida.org.mx\/#organization\"},\"potentialAction\":[{\"@type\":\"SearchAction\",\"target\":{\"@type\":\"EntryPoint\",\"urlTemplate\":\"https:\/\/proyectodevida.org.mx\/?s={search_term_string}\"},\"query-input\":{\"@type\":\"PropertyValueSpecification\",\"valueRequired\":true,\"valueName\":\"search_term_string\"}}],\"inLanguage\":\"en-US\"},{\"@type\":\"Organization\",\"@id\":\"https:\/\/proyectodevida.org.mx\/#organization\",\"name\":\"Proyecto de Vida\",\"alternateName\":\"Proyecto de Vida\",\"url\":\"https:\/\/proyectodevida.org.mx\/\",\"logo\":{\"@type\":\"ImageObject\",\"inLanguage\":\"en-US\",\"@id\":\"https:\/\/proyectodevida.org.mx\/#\/schema\/logo\/image\/\",\"url\":\"https:\/\/proyectodevida.org.mx\/wp-content\/uploads\/2024\/04\/PROYECTO-DE-VIDA-linea-NOVIEMBRE-06.png\",\"contentUrl\":\"https:\/\/proyectodevida.org.mx\/wp-content\/uploads\/2024\/04\/PROYECTO-DE-VIDA-linea-NOVIEMBRE-06.png\",\"width\":1035,\"height\":735,\"caption\":\"Proyecto de Vida\"},\"image\":{\"@id\":\"https:\/\/proyectodevida.org.mx\/#\/schema\/logo\/image\/\"}}]}<\/script>\n<!-- \/ Yoast SEO plugin. -->","yoast_head_json":{"title":"Transparancia - Proyecto de Vida","robots":{"index":"index","follow":"follow","max-snippet":"max-snippet:-1","max-image-preview":"max-image-preview:large","max-video-preview":"max-video-preview:-1"},"canonical":"https:\/\/proyectodevida.org.mx\/en\/transparancia\/","og_locale":"en_US","og_type":"article","og_title":"Transparancia - Proyecto de Vida","og_description":"Transparencia y resultados En Proyecto de Vida I.A.P., creemos en la importancia de rendir cuentas de manera clara, peri\u00f3dica y responsable. A trav\u00e9s de nuestros informes, compartimos los avances, retos y logros que han marcado nuestro trabajo con ni\u00f1as, ni\u00f1os y adolescentes. Esta secci\u00f3n refleja nuestro compromiso con la transparencia, la confianza de nuestros donantes [&hellip;]","og_url":"https:\/\/proyectodevida.org.mx\/en\/transparancia\/","og_site_name":"Proyecto de Vida","article_modified_time":"2025-10-09T17:02:30+00:00","og_image":[{"url":"https:\/\/proyectodevida.org.mx\/wp-content\/uploads\/2024\/04\/PdV_figura-3.png","type":"","width":"","height":""}],"twitter_card":"summary_large_image","twitter_misc":{"Est. reading time":"1 minute"},"schema":{"@context":"https:\/\/schema.org","@graph":[{"@type":"WebPage","@id":"https:\/\/proyectodevida.org.mx\/transparancia\/","url":"https:\/\/proyectodevida.org.mx\/transparancia\/","name":"Transparancia - Proyecto de Vida","isPartOf":{"@id":"https:\/\/proyectodevida.org.mx\/#website"},"primaryImageOfPage":{"@id":"https:\/\/proyectodevida.org.mx\/transparancia\/#primaryimage"},"image":{"@id":"https:\/\/proyectodevida.org.mx\/transparancia\/#primaryimage"},"thumbnailUrl":"https:\/\/proyectodevida.org.mx\/wp-content\/uploads\/2024\/04\/PdV_figura-3.png","datePublished":"2023-11-07T16:20:09+00:00","dateModified":"2025-10-09T17:02:30+00:00","breadcrumb":{"@id":"https:\/\/proyectodevida.org.mx\/transparancia\/#breadcrumb"},"inLanguage":"en-US","potentialAction":[{"@type":"ReadAction","target":["https:\/\/proyectodevida.org.mx\/transparancia\/"]}]},{"@type":"ImageObject","inLanguage":"en-US","@id":"https:\/\/proyectodevida.org.mx\/transparancia\/#primaryimage","url":"https:\/\/proyectodevida.org.mx\/wp-content\/uploads\/2024\/04\/PdV_figura-3.png","contentUrl":"https:\/\/proyectodevida.org.mx\/wp-content\/uploads\/2024\/04\/PdV_figura-3.png"},{"@type":"BreadcrumbList","@id":"https:\/\/proyectodevida.org.mx\/transparancia\/#breadcrumb","itemListElement":[{"@type":"ListItem","position":1,"name":"Portada","item":"https:\/\/proyectodevida.org.mx\/"},{"@type":"ListItem","position":2,"name":"Transparancia"}]},{"@type":"WebSite","@id":"https:\/\/proyectodevida.org.mx\/#website","url":"https:\/\/proyectodevida.org.mx\/","name":"Proyecto de Vida","description":"","publisher":{"@id":"https:\/\/proyectodevida.org.mx\/#organization"},"potentialAction":[{"@type":"SearchAction","target":{"@type":"EntryPoint","urlTemplate":"https:\/\/proyectodevida.org.mx\/?s={search_term_string}"},"query-input":{"@type":"PropertyValueSpecification","valueRequired":true,"valueName":"search_term_string"}}],"inLanguage":"en-US"},{"@type":"Organization","@id":"https:\/\/proyectodevida.org.mx\/#organization","name":"Proyecto de Vida","alternateName":"Proyecto de Vida","url":"https:\/\/proyectodevida.org.mx\/","logo":{"@type":"ImageObject","inLanguage":"en-US","@id":"https:\/\/proyectodevida.org.mx\/#\/schema\/logo\/image\/","url":"https:\/\/proyectodevida.org.mx\/wp-content\/uploads\/2024\/04\/PROYECTO-DE-VIDA-linea-NOVIEMBRE-06.png","contentUrl":"https:\/\/proyectodevida.org.mx\/wp-content\/uploads\/2024\/04\/PROYECTO-DE-VIDA-linea-NOVIEMBRE-06.png","width":1035,"height":735,"caption":"Proyecto de Vida"},"image":{"@id":"https:\/\/proyectodevida.org.mx\/#\/schema\/logo\/image\/"}}]}},"_links":{"self":[{"href":"https:\/\/proyectodevida.org.mx\/en\/wp-json\/wp\/v2\/pages\/62683","targetHints":{"allow":["GET"]}}],"collection":[{"href":"https:\/\/proyectodevida.org.mx\/en\/wp-json\/wp\/v2\/pages"}],"about":[{"href":"https:\/\/proyectodevida.org.mx\/en\/wp-json\/wp\/v2\/types\/page"}],"author":[{"embeddable":true,"href":"https:\/\/proyectodevida.org.mx\/en\/wp-json\/wp\/v2\/users\/990003"}],"replies":[{"embeddable":true,"href":"https:\/\/proyectodevida.org.mx\/en\/wp-json\/wp\/v2\/comments?post=62683"}],"version-history":[{"count":153,"href":"https:\/\/proyectodevida.org.mx\/en\/wp-json\/wp\/v2\/pages\/62683\/revisions"}],"predecessor-version":[{"id":65346,"href":"https:\/\/proyectodevida.org.mx\/en\/wp-json\/wp\/v2\/pages\/62683\/revisions\/65346"}],"wp:attachment":[{"href":"https:\/\/proyectodevida.org.mx\/en\/wp-json\/wp\/v2\/media?parent=62683"}],"curies":[{"name":"wp","href":"https:\/\/api.w.org\/{rel}","templated":true}]}}